{"id":390,"date":"2024-05-06T11:44:00","date_gmt":"2024-05-06T15:44:00","guid":{"rendered":"https:\/\/catalystct.wpenginepowered.com\/?page_id=390"},"modified":"2024-06-07T11:14:17","modified_gmt":"2024-06-07T15:14:17","slug":"mediation-program","status":"publish","type":"page","link":"https:\/\/catalystct.org\/es\/mediation-program\/","title":{"rendered":"Programa de mediaci\u00f3n"},"content":{"rendered":"<h3 class=\"wp-block-heading\">Justicia restaurativa a trav\u00e9s de la mediaci\u00f3n juvenil en Connecticut<\/h3>\n\n\n\n<h4 class=\"wp-block-heading\">Un programa de prevenci\u00f3n y distracci\u00f3n para j\u00f3venes<\/h4>\n\n\n\n<p>El proceso de mediaci\u00f3n juvenil permite que los j\u00f3venes involucrados con la justicia asuman la responsabilidad y rindan cuentas por sus acciones. Los mediadores profesionales e imparciales de Catalyst CT re\u00fanen a las personas afectadas por un conflicto (j\u00f3venes en el sistema de justicia, las v\u00edctimas y sus respectivos partidarios) para explorar c\u00f3mo el delito afect\u00f3 a los involucrados y c\u00f3mo reparar el da\u00f1o. Todos los participantes se escuchan entre s\u00ed y trabajan juntos para encontrar resoluciones pr\u00e1cticas, haciendo que su experiencia sea reparadora en lugar de punitiva.<\/p>\n\n\n\n<div class=\"wp-block-group\"><div class=\"wp-block-group__inner-container is-layout-constrained wp-block-group-is-layout-constrained\">\n<h4 class=\"wp-block-heading\">\u00c9xito e impacto<\/h4>\n\n\n\n<p>Entre 2015 y 2023, el personal de Mediaci\u00f3n <strong>cerrados 679 casos<\/strong> De 683 casos remitidos. Estos casos <strong>impactado<\/strong> <strong>2.450 personas<\/strong>, de los cuales 93% decidieron participar en el proceso de mediaci\u00f3n. Hemos tocado las vidas de tantos j\u00f3venes, v\u00edctimas, familiares y simpatizantes involucrados con la justicia.<\/p>\n<\/div><\/div>\n\n\n\n<div class=\"wp-block-genesis-blocks-gb-columns gb-layout-columns-3 gb-3-col-equal gb-columns-center\" style=\"margin-top:28px;margin-bottom:28px\"><div class=\"gb-layout-column-wrap gb-block-layout-column-gap-0 gb-is-responsive-column\" style=\"max-width:828px\">\n<div class=\"wp-block-genesis-blocks-gb-column gb-block-layout-column\"><div class=\"gb-block-layout-column-inner\">\n<div class=\"wp-block-jet-engine-container jet-container jet-container--content-direction-vertical jet-container--content-justify-center jet-container--content-align-center wp-block-jet-engine-container\" style=\"height:172px;min-height:172px\"><div class=\"jet-container__overlay\" style=\"background-color:#270089;opacity:1\"><\/div>\n<p class=\"has-text-align-center has-white-color has-text-color has-link-color wp-elements-a6076a3211d7c2c6c7b733437dc1d93a\" style=\"font-size:48px;font-style:normal;font-weight:900\">86%<\/p>\n\n\n\n<p class=\"has-text-align-center has-white-color has-text-color has-link-color wp-elements-c2fadf365f86580bb650a182aa2480c5\" style=\"font-size:16px\">de casos acordados para mediaci\u00f3n<\/p>\n<\/div>\n<\/div><\/div>\n\n\n\n<div class=\"wp-block-genesis-blocks-gb-column gb-block-layout-column\"><div class=\"gb-block-layout-column-inner\">\n<div class=\"wp-block-jet-engine-container jet-container jet-container--content-direction-vertical jet-container--content-justify-center jet-container--content-align-center wp-block-jet-engine-container\" style=\"height:172px;min-height:172px\"><div class=\"jet-container__overlay\" style=\"background-color:#00a7e1;opacity:1\"><\/div>\n<p class=\"has-text-align-center has-white-color has-text-color has-link-color wp-elements-5db9fc5390d2e3f9940e805ee5ba3522\" style=\"font-size:48px;font-style:normal;font-weight:900\">99%<\/p>\n\n\n\n<p class=\"has-text-align-center has-white-color has-text-color has-link-color wp-elements-2641f59412f6d1148a8a8c07f00b9d0d\" style=\"font-size:16px\">de casos mediados con \u00e9xito<\/p>\n<\/div>\n<\/div><\/div>\n\n\n\n<div class=\"wp-block-genesis-blocks-gb-column gb-block-layout-column gb-is-vertically-aligned-center\"><div class=\"gb-block-layout-column-inner\" style=\"text-align:center\">\n<div class=\"wp-block-jet-engine-container jet-container jet-container--content-direction-vertical jet-container--content-justify-center jet-container--content-align-center wp-block-jet-engine-container\" style=\"height:172px;min-height:172px\"><div class=\"jet-container__overlay\" style=\"background-color:#f8971d;opacity:1\"><\/div>\n<p class=\"has-text-align-center has-white-color has-text-color has-link-color wp-elements-624adae98dcc19a957b0fe9c490306fa\" style=\"font-size:48px;font-style:normal;font-weight:900\">90<\/p>\n\n\n\n<p class=\"has-text-align-center has-white-color has-text-color has-link-color wp-elements-f15ff2d224d49835eef69c6f7096407e\" style=\"font-size:16px\"><mark style=\"background-color:rgba(0, 0, 0, 0)\" class=\"has-inline-color has-white-color\">Casos que se estima que se manejar\u00e1n anualmente<\/mark><\/p>\n<\/div>\n<\/div><\/div>\n<\/div><\/div>\n\n\n\n<div class=\"wp-block-group\"><div class=\"wp-block-group__inner-container is-layout-constrained wp-block-group-is-layout-constrained\">\n<h4 class=\"wp-block-heading\">Beneficios de la mediaci\u00f3n<\/h4>\n\n\n\n<p>Nuestro objetivo es proporcionar una <a href=\"\/es\/restorative-justice\/\">Pr\u00e1cticas Restaurativas<\/a> proceso que permite a los j\u00f3venes asumir la responsabilidad de sus acciones y evitar una mayor participaci\u00f3n en el sistema de justicia juvenil. Mediaci\u00f3n, <a href=\"\/es\/sel-community-schools\/\">Escuelas comunitarias SEL<\/a>, y <a href=\"\/es\/youth-diversion\/\">Desv\u00edo juvenil<\/a> han revolucionado la forma en que Catalyst CT apoya a los j\u00f3venes en riesgo.<\/p>\n<\/div><\/div>\n\n\n\n<div class=\"wp-block-genesis-blocks-gb-columns gb-layout-columns-2 gb-2-col-equal\" style=\"margin-bottom:7px\"><div class=\"gb-layout-column-wrap gb-block-layout-column-gap-10 gb-is-responsive-column\" style=\"max-width:828px\">\n<div class=\"wp-block-genesis-blocks-gb-column gb-block-layout-column\"><div class=\"gb-block-layout-column-inner\">\n<h5 class=\"wp-block-heading\"><strong>Con la Mediaci\u00f3n Nosotros\u2026<\/strong><\/h5>\n<\/div><\/div>\n\n\n\n<div class=\"wp-block-genesis-blocks-gb-column gb-block-layout-column\"><div class=\"gb-block-layout-column-inner\">\n<h5 class=\"wp-block-heading\"><\/h5>\n<\/div><\/div>\n<\/div><\/div>\n\n\n\n<div class=\"wp-block-genesis-blocks-gb-columns gb-layout-columns-2 gb-2-col-equal\" style=\"margin-top:7px\"><div class=\"gb-layout-column-wrap gb-block-layout-column-gap-5 gb-is-responsive-column\" style=\"max-width:2000px\">\n<div class=\"wp-block-genesis-blocks-gb-column gb-block-layout-column\"><div class=\"gb-block-layout-column-inner\">\n<p class=\"has-text-color has-link-color wp-elements-61588679643c94e88b4084b98fc05ae2\" style=\"color:#5f6062\"><strong>Resolver la ra\u00edz del conflicto<br><\/strong><\/p>\n<\/div><\/div>\n\n\n\n<div class=\"wp-block-genesis-blocks-gb-column gb-block-layout-column\"><div class=\"gb-block-layout-column-inner\">\n<p class=\"has-text-color has-link-color wp-elements-4bd7b62bde43f22ea037496212cc9d14\" style=\"color:#5f6062;font-size:16px\">Poniendo a las personas cara a cara para hablar de sus circunstancias y preocupaciones.<\/p>\n<\/div><\/div>\n<\/div><\/div>\n\n\n\n<div class=\"wp-block-genesis-blocks-gb-columns gb-layout-columns-2 gb-2-col-equal\" style=\"margin-top:7px\"><div class=\"gb-layout-column-wrap gb-block-layout-column-gap-5 gb-is-responsive-column\" style=\"max-width:2000px\">\n<div class=\"wp-block-genesis-blocks-gb-column gb-block-layout-column\"><div class=\"gb-block-layout-column-inner\">\n<p class=\"has-text-color has-link-color wp-elements-4f51c69ebabc2c8a4ac80266c8f4319e\" style=\"color:#5f6062\"><strong>Acortar las interacciones de los j\u00f3venes con el sistema judicial<\/strong><\/p>\n<\/div><\/div>\n\n\n\n<div class=\"wp-block-genesis-blocks-gb-column gb-block-layout-column\"><div class=\"gb-block-layout-column-inner\">\n<p class=\"has-text-color has-link-color wp-elements-501a690803a731450eefa1a79236fe62\" style=\"color:#5f6062;font-size:16px\">Al tomar alrededor de 4 a 6 semanas, en lugar del promedio anecd\u00f3tico de 6 a 12 meses para el procesamiento judicial tradicional.<\/p>\n<\/div><\/div>\n<\/div><\/div>\n\n\n\n<div class=\"wp-block-genesis-blocks-gb-columns gb-layout-columns-2 gb-2-col-equal\" style=\"margin-top:7px\"><div class=\"gb-layout-column-wrap gb-block-layout-column-gap-5 gb-is-responsive-column\" style=\"max-width:2000px\">\n<div class=\"wp-block-genesis-blocks-gb-column gb-block-layout-column\"><div class=\"gb-block-layout-column-inner\">\n<p class=\"has-text-color has-link-color wp-elements-32a66a55b682fe96e5676a463ee4d57a\" style=\"color:#5f6062\"><strong>Reducir el riesgo de reincidencia entre los j\u00f3venes<\/strong><\/p>\n<\/div><\/div>\n\n\n\n<div class=\"wp-block-genesis-blocks-gb-column gb-block-layout-column\"><div class=\"gb-block-layout-column-inner\">\n<p class=\"has-text-color has-link-color wp-elements-e9ddee2cb49f68ae0265fbf15fa17fc5\" style=\"color:#5f6062;font-size:16px\">Al acortar el tiempo de contacto con el sistema de justicia, se reduce la probabilidad de reincidencia.<\/p>\n<\/div><\/div>\n<\/div><\/div>\n\n\n\n<div class=\"wp-block-genesis-blocks-gb-columns gb-layout-columns-2 gb-2-col-equal\" style=\"margin-top:7px\"><div class=\"gb-layout-column-wrap gb-block-layout-column-gap-5 gb-is-responsive-column\" style=\"max-width:2000px\">\n<div class=\"wp-block-genesis-blocks-gb-column gb-block-layout-column\"><div class=\"gb-block-layout-column-inner\">\n<p class=\"has-text-color has-link-color wp-elements-e7d55b1e7d5b9b0fc12a0cc7dc2b115c\" style=\"color:#5f6062\"><strong>Brindar a las v\u00edctimas voz y opini\u00f3n sobre la resoluci\u00f3n de los casos<\/strong><\/p>\n<\/div><\/div>\n\n\n\n<div class=\"wp-block-genesis-blocks-gb-column gb-block-layout-column\"><div class=\"gb-block-layout-column-inner\">\n<p class=\"has-text-color has-link-color wp-elements-13f62a6efc218ea352d71974b4458afd\" style=\"color:#5f6062;font-size:16px\">Ofreciendo a las v\u00edctimas oportunidades de hacer preguntas y resolver sus preocupaciones sobre el da\u00f1o causado<\/p>\n<\/div><\/div>\n<\/div><\/div>\n\n\n\n<div class=\"wp-block-genesis-blocks-gb-columns gb-layout-columns-2 gb-2-col-equal\" style=\"margin-top:7px\"><div class=\"gb-layout-column-wrap gb-block-layout-column-gap-5 gb-is-responsive-column\" style=\"max-width:2000px\">\n<div class=\"wp-block-genesis-blocks-gb-column gb-block-layout-column\"><div class=\"gb-block-layout-column-inner\">\n<p class=\"has-text-color has-link-color wp-elements-5376448e1908894078d75767c821ac68\" style=\"color:#5f6062\"><strong>Reducir los expedientes judiciales<\/strong><\/p>\n<\/div><\/div>\n\n\n\n<div class=\"wp-block-genesis-blocks-gb-column gb-block-layout-column\"><div class=\"gb-block-layout-column-inner\">\n<p class=\"has-text-color has-link-color wp-elements-1fd1a4dc7c6fc526f1108ed030530d95\" style=\"color:#5f6062;font-size:16px\">Al permitir que el personal del tribunal se concentre en otros casos a medida que se eliminan las referencias de la lista<\/p>\n<\/div><\/div>\n<\/div><\/div>\n\n\n\n<div class=\"wp-block-genesis-blocks-gb-columns gb-layout-columns-2 gb-2-col-equal\" style=\"margin-top:7px\"><div class=\"gb-layout-column-wrap gb-block-layout-column-gap-5 gb-is-responsive-column\" style=\"max-width:2000px\">\n<div class=\"wp-block-genesis-blocks-gb-column gb-block-layout-column\"><div class=\"gb-block-layout-column-inner\">\n<p class=\"has-text-color has-link-color wp-elements-f60b1e877cfbc5ab6f5cf65144bbf6c0\" style=\"color:#5f6062\"><strong>Permitir que los j\u00f3venes se apropien del impacto de sus acciones<\/strong><\/p>\n<\/div><\/div>\n\n\n\n<div class=\"wp-block-genesis-blocks-gb-column gb-block-layout-column\"><div class=\"gb-block-layout-column-inner\">\n<p class=\"has-text-color has-link-color wp-elements-1cf55d8d3c492d369c3919b92e3a4113\" style=\"color:#5f6062;font-size:16px\">Involucrando a todos los participantes en una conversaci\u00f3n restaurativa en lugar de una acci\u00f3n punitiva<\/p>\n<\/div><\/div>\n<\/div><\/div>\n\n\n\n<figure class=\"wp-block-image size-full divider\"><img decoding=\"async\" width=\"2880\" height=\"3\" src=\"https:\/\/catalystct.org\/wp-content\/uploads\/2024\/04\/dotted-divider.svg\" alt=\"dotted divider\" class=\"wp-image-125\" title=\"\"><\/figure>\n\n\n\n<div style=\"height:20px\" aria-hidden=\"true\" class=\"wp-block-spacer\"><\/div>\n\n\n\t\t<div data-elementor-type=\"container\" data-elementor-id=\"1136\" class=\"elementor elementor-1136\" data-elementor-post-type=\"elementor_library\">\n\t\t\t\t<div class=\"elementor-element elementor-element-692a0011 e-con-full e-flex e-con e-parent\" data-id=\"692a0011\" data-element_type=\"container\" data-e-type=\"container\">\n\t\t<div data-dce-background-image-url=\"https:\/\/catalystct.org\/wp-content\/uploads\/2024\/04\/dotted-divider.svg\" class=\"elementor-element elementor-element-323f77d6 e-con-full elementor-hidden-desktop elementor-hidden-tablet elementor-hidden-mobile e-flex e-con e-child\" data-id=\"323f77d6\" data-element_type=\"container\" data-e-type=\"container\" data-settings=\"{&quot;background_background&quot;:&quot;classic&quot;}\">\n\t\t\t\t<\/div>\n\t\t\t\t<div class=\"elementor-element elementor-element-65730d78 elementor-testimonial--skin-default elementor-testimonial--layout-image_inline elementor-testimonial--align-center elementor-pagination-type-bullets elementor-widget elementor-widget-testimonial-carousel\" data-id=\"65730d78\" data-element_type=\"widget\" data-e-type=\"widget\" data-settings=\"{&quot;autoplay_speed&quot;:10000,&quot;slides_per_view&quot;:&quot;1&quot;,&quot;slides_to_scroll&quot;:&quot;1&quot;,&quot;pagination&quot;:&quot;bullets&quot;,&quot;speed&quot;:500,&quot;autoplay&quot;:&quot;yes&quot;,&quot;loop&quot;:&quot;yes&quot;,&quot;pause_on_hover&quot;:&quot;yes&quot;,&quot;pause_on_interaction&quot;:&quot;yes&quot;,&quot;space_between&quot;:{&quot;unit&quot;:&quot;px&quot;,&quot;size&quot;:10,&quot;sizes&quot;:[]},&quot;space_between_tablet&quot;:{&quot;unit&quot;:&quot;px&quot;,&quot;size&quot;:10,&quot;sizes&quot;:[]},&quot;space_between_mobile&quot;:{&quot;unit&quot;:&quot;px&quot;,&quot;size&quot;:10,&quot;sizes&quot;:[]}}\" data-widget_type=\"testimonial-carousel.default\">\n\t\t\t\t<div class=\"elementor-widget-container\">\n\t\t\t\t\t\t\t\t\t<div class=\"elementor-swiper\">\n\t\t\t\t\t<div class=\"elementor-main-swiper swiper\" role=\"region\" aria-roledescription=\"carousel\" aria-label=\"Diapositivas\" data-no-translation-aria-label=\"\">\n\t\t\t\t<div class=\"swiper-wrapper\">\n\t\t\t\t\t\t\t\t\t\t\t<div class=\"swiper-slide\" role=\"group\" aria-roledescription=\"slide\">\n\t\t\t\t\t\t\t\t\t<div class=\"elementor-testimonial\">\n\t\t\t\t\t\t\t<div class=\"elementor-testimonial__content\">\n\t\t\t\t\t<div class=\"elementor-testimonial__text\">\n\t\t\t\t\t\t\u201cLo que m\u00e1s me gust\u00f3 de la mediaci\u00f3n fue que pude decir lo que pensaba sobre lo que pas\u00f3\u201d.\t\t\t\t\t<\/div>\n\t\t\t\t\t\t\t\t\t<\/div>\n\t\t\t\t\t\t<div class=\"elementor-testimonial__footer\">\n\t\t\t\t\t\t\t\t\t<div class=\"elementor-testimonial__image\">\n\t\t\t\t\t\t<img decoding=\"async\" src=\"https:\/\/catalystct.org\/wp-content\/uploads\/2024\/04\/quote.svg\" alt=\"quote\" title=\"\">\n\t\t\t\t\t\t\t\t\t\t\t<\/div>\n\t\t\t\t\t\t\t\t<cite class=\"elementor-testimonial__cite\"><span class=\"elementor-testimonial__name\">\u2013 \u201cSara\u201d, V\u00edctima<\/span><\/cite>\t\t\t<\/div>\n\t\t<\/div>\n\t\t\t\t\t\t\t\t<\/div>\n\t\t\t\t\t\t\t\t\t\t\t<div class=\"swiper-slide\" role=\"group\" aria-roledescription=\"slide\">\n\t\t\t\t\t\t\t\t\t<div class=\"elementor-testimonial\">\n\t\t\t\t\t\t\t<div class=\"elementor-testimonial__content\">\n\t\t\t\t\t<div class=\"elementor-testimonial__text\">\n\t\t\t\t\t\tAprend\u00ed que hay otras soluciones a los problemas, como hablar de los problemas y alzar la voz cuando sientes que algo anda mal. Tambi\u00e9n aprend\u00ed que cuando peleo, no solo me hago da\u00f1o a m\u00ed misma, sino tambi\u00e9n a mi familia\u201d.\t\t\t\t\t<\/div>\n\t\t\t\t\t\t\t\t\t<\/div>\n\t\t\t\t\t\t<div class=\"elementor-testimonial__footer\">\n\t\t\t\t\t\t\t\t\t<div class=\"elementor-testimonial__image\">\n\t\t\t\t\t\t<img decoding=\"async\" src=\"https:\/\/catalystct.org\/wp-content\/uploads\/2024\/04\/quote.svg\" alt=\"quote\" title=\"\">\n\t\t\t\t\t\t\t\t\t\t\t<\/div>\n\t\t\t\t\t\t\t\t<cite class=\"elementor-testimonial__cite\"><span class=\"elementor-testimonial__name\">\u201cJoe\u201d, delincuente<\/span><\/cite>\t\t\t<\/div>\n\t\t<\/div>\n\t\t\t\t\t\t\t\t<\/div>\n\t\t\t\t\t\t\t\t\t\t\t<div class=\"swiper-slide\" role=\"group\" aria-roledescription=\"slide\">\n\t\t\t\t\t\t\t\t\t<div class=\"elementor-testimonial\">\n\t\t\t\t\t\t\t<div class=\"elementor-testimonial__content\">\n\t\t\t\t\t<div class=\"elementor-testimonial__text\">\n\t\t\t\t\t\t\u201cLo que m\u00e1s me gusta de la mediaci\u00f3n es que los chicos pueden hablar sobre c\u00f3mo se sienten y sobre lo que se hicieron el uno al otro y que no vali\u00f3 la pena. Siento que si la escuela tuviera mediaci\u00f3n para los chicos, muchos de ellos podr\u00edan resolver las cosas un poco mejor\u201d.\t\t\t\t\t<\/div>\n\t\t\t\t\t\t\t\t\t<\/div>\n\t\t\t\t\t\t<div class=\"elementor-testimonial__footer\">\n\t\t\t\t\t\t\t\t\t<div class=\"elementor-testimonial__image\">\n\t\t\t\t\t\t<img decoding=\"async\" src=\"https:\/\/catalystct.org\/wp-content\/uploads\/2024\/04\/quote.svg\" alt=\"quote\" title=\"\">\n\t\t\t\t\t\t\t\t\t\t\t<\/div>\n\t\t\t\t\t\t\t\t<cite class=\"elementor-testimonial__cite\"><span class=\"elementor-testimonial__name\">\u2013 \u201cAnthony\u201d, padre<\/span><\/cite>\t\t\t<\/div>\n\t\t<\/div>\n\t\t\t\t\t\t\t\t<\/div>\n\t\t\t\t\t\t\t\t\t<\/div>\n\t\t\t\t\t\t\t\t\t\t\t\t\t\t\t\t\t\t\t\t<div class=\"swiper-pagination\"><\/div>\n\t\t\t\t\t\t\t\t\t\t\t\t<\/div>\n\t\t\t\t<\/div>\n\t\t\t\t\t\t\t\t<\/div>\n\t\t\t\t<\/div>\n\t\t<div data-dce-background-image-url=\"https:\/\/catalystct.org\/wp-content\/uploads\/2024\/04\/dotted-divider.svg\" class=\"elementor-element elementor-element-3b2ccc55 e-con-full elementor-hidden-desktop elementor-hidden-tablet elementor-hidden-mobile e-flex e-con e-child\" data-id=\"3b2ccc55\" data-element_type=\"container\" data-e-type=\"container\" data-settings=\"{&quot;background_background&quot;:&quot;classic&quot;}\">\n\t\t\t\t<\/div>\n\t\t\t\t<\/div>\n\t\t\t\t<\/div>\n\t\t\n\n\n\n<div style=\"height:20px\" aria-hidden=\"true\" class=\"wp-block-spacer\"><\/div>\n\n\n\n<p style=\"font-size:16px\">*Todos los nombres han sido cambiados para proteger la identidad de las personas citadas.<\/p>\n\n\n\n<figure class=\"wp-block-image size-full divider\"><img decoding=\"async\" width=\"2880\" height=\"3\" src=\"https:\/\/catalystct.org\/wp-content\/uploads\/2024\/04\/dotted-divider.svg\" alt=\"dotted divider\" class=\"wp-image-125\" title=\"\"><\/figure>\n\n\n\n<h2 class=\"wp-block-heading\">Donde servimos<\/h2>\n\n\n\n<p>El programa de mediaci\u00f3n presta servicios a tribunales de menores, juntas de revisi\u00f3n de menores (JRB), equipos de desv\u00edo de menores (YDT) y escuelas en Bridgeport, Danbury, Stamford, Torrington y Waterbury.<\/p>\n\n\n\n<h3 class=\"wp-block-heading\">Fuentes de referencia para la mediaci\u00f3n<\/h3>\n\n\n\n<p>Se aceptan referencias de programas de:<\/p>\n\n\n\n<ul class=\"wp-block-list\">\n<li>Oficiales de libertad condicional<\/li>\n\n\n\n<li>Fiscales<\/li>\n\n\n\n<li>Defensores p\u00fablicos<\/li>\n\n\n\n<li>Gestores de casos de JRB y YDT<\/li>\n\n\n\n<li>Administradores escolares<\/li>\n\n\n\n<li>Consejeros de orientaci\u00f3n escolar<\/li>\n\n\n\n<li>Trabajadores sociales escolares<\/li>\n<\/ul>\n\n\n\n<div class=\"wp-block-buttons is-layout-flex wp-block-buttons-is-layout-flex\">\n<div class=\"wp-block-button\"><a class=\"wp-block-button__link wp-element-button\">Formulario de referencia<\/a><\/div>\n<\/div>\n\n\n\n<p>Por favor p\u00f3ngase en contacto <a href=\"\/es\/&\/#x6d;&#97;i&#x6c;&#116;o&#x3a;&#108;m&#x63;&#107;e&#x6e;&#110;a&#x40;&#x72;y&#x61;&#x73;&#97;&#x70;&#x2e;&#111;&#x72;&#x67;\">Lisa McKenna<\/a> para discutir posibles referencias de fuentes distintas a las enumeradas anteriormente.<\/p>\n\n\n\n<p>Catalyst CT tambi\u00e9n est\u00e1 disponible para brindar tutor\u00eda a escuelas y organizaciones que atienden a j\u00f3venes. Ayudamos a estos grupos a desarrollar e integrar procesos de mediaci\u00f3n que reduzcan los conflictos entre los j\u00f3venes a los que atienden.<\/p>","protected":false},"excerpt":{"rendered":"<p>Restorative Justice Through Juvenile Mediation in Connecticut A Diversionary &amp; Prevention Program for Youth The juvenile mediation process allows justice-involved youth to take responsibility and be accountable for their actions. Catalyst CT\u2019s professional, impartial mediators bring together those affected by a conflict\u2014youth in the justice system, the victim(s), and their respective supporters\u2014to explore how the [&hellip;]<\/p>\n","protected":false},"author":4,"featured_media":385,"parent":0,"menu_order":0,"comment_status":"closed","ping_status":"closed","template":"","meta":{"_acf_changed":false,"inline_featured_image":false,"_uf_show_specific_survey":0,"_uf_disable_surveys":false,"footnotes":""},"gutenberg":[50],"class_list":["post-390","page","type-page","status-publish","has-post-thumbnail","hentry","gutenberg-use-gutenberg-page-template"],"acf":[],"featured_image_src":"https:\/\/catalystct.org\/wp-content\/uploads\/2024\/05\/RJ-SEL-Community-600x400.jpg","featured_image_src_square":"https:\/\/catalystct.org\/wp-content\/uploads\/2024\/05\/RJ-SEL-Community-600x600.jpg","_links":{"self":[{"href":"https:\/\/catalystct.org\/es\/wp-json\/wp\/v2\/pages\/390","targetHints":{"allow":["GET"]}}],"collection":[{"href":"https:\/\/catalystct.org\/es\/wp-json\/wp\/v2\/pages"}],"about":[{"href":"https:\/\/catalystct.org\/es\/wp-json\/wp\/v2\/types\/page"}],"author":[{"embeddable":true,"href":"https:\/\/catalystct.org\/es\/wp-json\/wp\/v2\/users\/4"}],"replies":[{"embeddable":true,"href":"https:\/\/catalystct.org\/es\/wp-json\/wp\/v2\/comments?post=390"}],"version-history":[{"count":0,"href":"https:\/\/catalystct.org\/es\/wp-json\/wp\/v2\/pages\/390\/revisions"}],"wp:featuredmedia":[{"embeddable":true,"href":"https:\/\/catalystct.org\/es\/wp-json\/wp\/v2\/media\/385"}],"wp:attachment":[{"href":"https:\/\/catalystct.org\/es\/wp-json\/wp\/v2\/media?parent=390"}],"wp:term":[{"taxonomy":"gutenberg","embeddable":true,"href":"https:\/\/catalystct.org\/es\/wp-json\/wp\/v2\/gutenberg?post=390"}],"curies":[{"name":"wp","href":"https:\/\/api.w.org\/{rel}","templated":true}]}}